{"id":843,"date":"2020-03-06T09:43:50","date_gmt":"2020-03-06T12:43:50","guid":{"rendered":"https:\/\/elitemobiliario.com\/portfolio\/sofas\/"},"modified":"2024-01-31T09:39:17","modified_gmt":"2024-01-31T09:39:17","slug":"sofas","status":"publish","type":"portfolio","link":"https:\/\/elitemobiliario.com\/en\/portfolio\/sofas\/","title":{"rendered":"Sofas"},"content":{"rendered":"<div id='gallery-1' class='gallery galleryid-843 gallery-columns-4 gallery-size-full'><figure class='gallery-item'>\n\t\t\t<div class='gallery-icon landscape'>\n\t\t\t\t<a href='https:\/\/elitemobiliario.com\/wp-content\/uploads\/2020\/03\/Eliteline-SF1334NT1.jpg'><img fetchpriority=\"high\" decoding=\"async\" width=\"1920\" height=\"1080\" src=\"https:\/\/elitemobiliario.com\/wp-content\/uploads\/2020\/03\/Eliteline-SF1334NT1.jpg\" class=\"attachment-full size-full\" alt=\"Eliteline SF1334NT1\" aria-describedby=\"gallery-1-1307\" srcset=\"https:\/\/elitemobiliario.com\/wp-content\/uploads\/2020\/03\/Eliteline-SF1334NT1.jpg 1920w, https:\/\/elitemobiliario.com\/wp-content\/uploads\/2020\/03\/Eliteline-SF1334NT1-300x169.jpg 300w, https:\/\/elitemobiliario.com\/wp-content\/uploads\/2020\/03\/Eliteline-SF1334NT1-1024x576.jpg 1024w, https:\/\/elitemobiliario.com\/wp-content\/uploads\/2020\/03\/Eliteline-SF1334NT1-768x432.jpg 768w, https:\/\/elitemobiliario.com\/wp-content\/uploads\/2020\/03\/Eliteline-SF1334NT1-1536x864.jpg 1536w, https:\/\/elitemobiliario.com\/wp-content\/uploads\/2020\/03\/Eliteline-SF1334NT1-380x214.jpg 380w, https:\/\/elitemobiliario.com\/wp-content\/uploads\/2020\/03\/Eliteline-SF1334NT1-20x11.jpg 20w, https:\/\/elitemobiliario.com\/wp-content\/uploads\/2020\/03\/Eliteline-SF1334NT1-190x107.jpg 190w, https:\/\/elitemobiliario.com\/wp-content\/uploads\/2020\/03\/Eliteline-SF1334NT1-760x428.jpg 760w, https:\/\/elitemobiliario.com\/wp-content\/uploads\/2020\/03\/Eliteline-SF1334NT1-1140x641.jpg 1140w\" sizes=\"(max-width: 1920px) 100vw, 1920px\" \/><\/a>\n\t\t\t<\/div>\n\t\t\t\t<figcaption class='wp-caption-text gallery-caption' id='gallery-1-1307'>\n\t\t\t\tEliteline SF1334NT1\n\t\t\t\t<\/figcaption><\/figure><figure class='gallery-item'>\n\t\t\t<div class='gallery-icon landscape'>\n\t\t\t\t<a href='https:\/\/elitemobiliario.com\/wp-content\/uploads\/2020\/03\/Eliteline-SF1334NT2.jpg'><img decoding=\"async\" width=\"1920\" height=\"1080\" src=\"https:\/\/elitemobiliario.com\/wp-content\/uploads\/2020\/03\/Eliteline-SF1334NT2.jpg\" class=\"attachment-full size-full\" alt=\"Eliteline SF1334NT2\" aria-describedby=\"gallery-1-1310\" srcset=\"https:\/\/elitemobiliario.com\/wp-content\/uploads\/2020\/03\/Eliteline-SF1334NT2.jpg 1920w, https:\/\/elitemobiliario.com\/wp-content\/uploads\/2020\/03\/Eliteline-SF1334NT2-300x169.jpg 300w, https:\/\/elitemobiliario.com\/wp-content\/uploads\/2020\/03\/Eliteline-SF1334NT2-1024x576.jpg 1024w, https:\/\/elitemobiliario.com\/wp-content\/uploads\/2020\/03\/Eliteline-SF1334NT2-768x432.jpg 768w, https:\/\/elitemobiliario.com\/wp-content\/uploads\/2020\/03\/Eliteline-SF1334NT2-1536x864.jpg 1536w, https:\/\/elitemobiliario.com\/wp-content\/uploads\/2020\/03\/Eliteline-SF1334NT2-380x214.jpg 380w, https:\/\/elitemobiliario.com\/wp-content\/uploads\/2020\/03\/Eliteline-SF1334NT2-20x11.jpg 20w, https:\/\/elitemobiliario.com\/wp-content\/uploads\/2020\/03\/Eliteline-SF1334NT2-190x107.jpg 190w, https:\/\/elitemobiliario.com\/wp-content\/uploads\/2020\/03\/Eliteline-SF1334NT2-760x428.jpg 760w, https:\/\/elitemobiliario.com\/wp-content\/uploads\/2020\/03\/Eliteline-SF1334NT2-1140x641.jpg 1140w\" sizes=\"(max-width: 1920px) 100vw, 1920px\" \/><\/a>\n\t\t\t<\/div>\n\t\t\t\t<figcaption class='wp-caption-text gallery-caption' id='gallery-1-1310'>\n\t\t\t\tEliteline SF1334NT2\n\t\t\t\t<\/figcaption><\/figure><figure class='gallery-item'>\n\t\t\t<div class='gallery-icon landscape'>\n\t\t\t\t<a href='https:\/\/elitemobiliario.com\/wp-content\/uploads\/2020\/05\/Eliteline-SF1334NT3.jpg'><img decoding=\"async\" width=\"1920\" height=\"1080\" src=\"https:\/\/elitemobiliario.com\/wp-content\/uploads\/2020\/05\/Eliteline-SF1334NT3.jpg\" class=\"attachment-full size-full\" alt=\"Eliteline SF1334NT3\" aria-describedby=\"gallery-1-1295\" srcset=\"https:\/\/elitemobiliario.com\/wp-content\/uploads\/2020\/05\/Eliteline-SF1334NT3.jpg 1920w, https:\/\/elitemobiliario.com\/wp-content\/uploads\/2020\/05\/Eliteline-SF1334NT3-300x169.jpg 300w, https:\/\/elitemobiliario.com\/wp-content\/uploads\/2020\/05\/Eliteline-SF1334NT3-1024x576.jpg 1024w, https:\/\/elitemobiliario.com\/wp-content\/uploads\/2020\/05\/Eliteline-SF1334NT3-768x432.jpg 768w, https:\/\/elitemobiliario.com\/wp-content\/uploads\/2020\/05\/Eliteline-SF1334NT3-1536x864.jpg 1536w, https:\/\/elitemobiliario.com\/wp-content\/uploads\/2020\/05\/Eliteline-SF1334NT3-380x214.jpg 380w, https:\/\/elitemobiliario.com\/wp-content\/uploads\/2020\/05\/Eliteline-SF1334NT3-20x11.jpg 20w, https:\/\/elitemobiliario.com\/wp-content\/uploads\/2020\/05\/Eliteline-SF1334NT3-190x107.jpg 190w, https:\/\/elitemobiliario.com\/wp-content\/uploads\/2020\/05\/Eliteline-SF1334NT3-760x428.jpg 760w, https:\/\/elitemobiliario.com\/wp-content\/uploads\/2020\/05\/Eliteline-SF1334NT3-1140x641.jpg 1140w\" sizes=\"(max-width: 1920px) 100vw, 1920px\" \/><\/a>\n\t\t\t<\/div>\n\t\t\t\t<figcaption class='wp-caption-text gallery-caption' id='gallery-1-1295'>\n\t\t\t\tEliteline SF1334NT3\n\t\t\t\t<\/figcaption><\/figure><figure class='gallery-item'>\n\t\t\t<div class='gallery-icon landscape'>\n\t\t\t\t<a href='https:\/\/elitemobiliario.com\/wp-content\/uploads\/2020\/05\/Eliteline-SF1334NT4.jpg'><img loading=\"lazy\" decoding=\"async\" width=\"1920\" height=\"1080\" src=\"https:\/\/elitemobiliario.com\/wp-content\/uploads\/2020\/05\/Eliteline-SF1334NT4.jpg\" class=\"attachment-full size-full\" alt=\"Eliteline SF1334NT4\" aria-describedby=\"gallery-1-1298\" srcset=\"https:\/\/elitemobiliario.com\/wp-content\/uploads\/2020\/05\/Eliteline-SF1334NT4.jpg 1920w, https:\/\/elitemobiliario.com\/wp-content\/uploads\/2020\/05\/Eliteline-SF1334NT4-300x169.jpg 300w, https:\/\/elitemobiliario.com\/wp-content\/uploads\/2020\/05\/Eliteline-SF1334NT4-1024x576.jpg 1024w, https:\/\/elitemobiliario.com\/wp-content\/uploads\/2020\/05\/Eliteline-SF1334NT4-768x432.jpg 768w, https:\/\/elitemobiliario.com\/wp-content\/uploads\/2020\/05\/Eliteline-SF1334NT4-1536x864.jpg 1536w, https:\/\/elitemobiliario.com\/wp-content\/uploads\/2020\/05\/Eliteline-SF1334NT4-380x214.jpg 380w, https:\/\/elitemobiliario.com\/wp-content\/uploads\/2020\/05\/Eliteline-SF1334NT4-20x11.jpg 20w, https:\/\/elitemobiliario.com\/wp-content\/uploads\/2020\/05\/Eliteline-SF1334NT4-190x107.jpg 190w, https:\/\/elitemobiliario.com\/wp-content\/uploads\/2020\/05\/Eliteline-SF1334NT4-760x428.jpg 760w, https:\/\/elitemobiliario.com\/wp-content\/uploads\/2020\/05\/Eliteline-SF1334NT4-1140x641.jpg 1140w\" sizes=\"(max-width: 1920px) 100vw, 1920px\" \/><\/a>\n\t\t\t<\/div>\n\t\t\t\t<figcaption class='wp-caption-text gallery-caption' id='gallery-1-1298'>\n\t\t\t\tEliteline SF1334NT4\n\t\t\t\t<\/figcaption><\/figure><figure class='gallery-item'>\n\t\t\t<div class='gallery-icon landscape'>\n\t\t\t\t<a href='https:\/\/elitemobiliario.com\/wp-content\/uploads\/2020\/05\/Eliteline-SF1334NT5.jpg'><img loading=\"lazy\" decoding=\"async\" width=\"1920\" height=\"1080\" src=\"https:\/\/elitemobiliario.com\/wp-content\/uploads\/2020\/05\/Eliteline-SF1334NT5.jpg\" class=\"attachment-full size-full\" alt=\"Eliteline SF1334NT5\" aria-describedby=\"gallery-1-1301\" srcset=\"https:\/\/elitemobiliario.com\/wp-content\/uploads\/2020\/05\/Eliteline-SF1334NT5.jpg 1920w, https:\/\/elitemobiliario.com\/wp-content\/uploads\/2020\/05\/Eliteline-SF1334NT5-300x169.jpg 300w, https:\/\/elitemobiliario.com\/wp-content\/uploads\/2020\/05\/Eliteline-SF1334NT5-1024x576.jpg 1024w, https:\/\/elitemobiliario.com\/wp-content\/uploads\/2020\/05\/Eliteline-SF1334NT5-768x432.jpg 768w, https:\/\/elitemobiliario.com\/wp-content\/uploads\/2020\/05\/Eliteline-SF1334NT5-1536x864.jpg 1536w, https:\/\/elitemobiliario.com\/wp-content\/uploads\/2020\/05\/Eliteline-SF1334NT5-380x214.jpg 380w, https:\/\/elitemobiliario.com\/wp-content\/uploads\/2020\/05\/Eliteline-SF1334NT5-20x11.jpg 20w, https:\/\/elitemobiliario.com\/wp-content\/uploads\/2020\/05\/Eliteline-SF1334NT5-190x107.jpg 190w, https:\/\/elitemobiliario.com\/wp-content\/uploads\/2020\/05\/Eliteline-SF1334NT5-760x428.jpg 760w, https:\/\/elitemobiliario.com\/wp-content\/uploads\/2020\/05\/Eliteline-SF1334NT5-1140x641.jpg 1140w\" sizes=\"(max-width: 1920px) 100vw, 1920px\" \/><\/a>\n\t\t\t<\/div>\n\t\t\t\t<figcaption class='wp-caption-text gallery-caption' id='gallery-1-1301'>\n\t\t\t\tEliteline SF1334NT5\n\t\t\t\t<\/figcaption><\/figure><figure class='gallery-item'>\n\t\t\t<div class='gallery-icon landscape'>\n\t\t\t\t<a href='https:\/\/elitemobiliario.com\/wp-content\/uploads\/2020\/05\/Eliteline-SF1334NT6.jpg'><img loading=\"lazy\" decoding=\"async\" width=\"1920\" height=\"1080\" src=\"https:\/\/elitemobiliario.com\/wp-content\/uploads\/2020\/05\/Eliteline-SF1334NT6.jpg\" class=\"attachment-full size-full\" alt=\"Eliteline SF1334NT6\" aria-describedby=\"gallery-1-1304\" srcset=\"https:\/\/elitemobiliario.com\/wp-content\/uploads\/2020\/05\/Eliteline-SF1334NT6.jpg 1920w, https:\/\/elitemobiliario.com\/wp-content\/uploads\/2020\/05\/Eliteline-SF1334NT6-300x169.jpg 300w, https:\/\/elitemobiliario.com\/wp-content\/uploads\/2020\/05\/Eliteline-SF1334NT6-1024x576.jpg 1024w, https:\/\/elitemobiliario.com\/wp-content\/uploads\/2020\/05\/Eliteline-SF1334NT6-768x432.jpg 768w, https:\/\/elitemobiliario.com\/wp-content\/uploads\/2020\/05\/Eliteline-SF1334NT6-1536x864.jpg 1536w, https:\/\/elitemobiliario.com\/wp-content\/uploads\/2020\/05\/Eliteline-SF1334NT6-380x214.jpg 380w, https:\/\/elitemobiliario.com\/wp-content\/uploads\/2020\/05\/Eliteline-SF1334NT6-20x11.jpg 20w, https:\/\/elitemobiliario.com\/wp-content\/uploads\/2020\/05\/Eliteline-SF1334NT6-190x107.jpg 190w, https:\/\/elitemobiliario.com\/wp-content\/uploads\/2020\/05\/Eliteline-SF1334NT6-760x428.jpg 760w, https:\/\/elitemobiliario.com\/wp-content\/uploads\/2020\/05\/Eliteline-SF1334NT6-1140x641.jpg 1140w\" sizes=\"(max-width: 1920px) 100vw, 1920px\" \/><\/a>\n\t\t\t<\/div>\n\t\t\t\t<figcaption class='wp-caption-text gallery-caption' id='gallery-1-1304'>\n\t\t\t\tEliteline SF1334NT6\n\t\t\t\t<\/figcaption><\/figure><figure class='gallery-item'>\n\t\t\t<div class='gallery-icon landscape'>\n\t\t\t\t<a href='https:\/\/elitemobiliario.com\/wp-content\/uploads\/2021\/04\/Eliteline-SF1307CH7.jpg'><img loading=\"lazy\" decoding=\"async\" width=\"1920\" height=\"1080\" src=\"https:\/\/elitemobiliario.com\/wp-content\/uploads\/2021\/04\/Eliteline-SF1307CH7.jpg\" class=\"attachment-full size-full\" alt=\"Eliteline SF1307CH7\" aria-describedby=\"gallery-1-2935\" srcset=\"https:\/\/elitemobiliario.com\/wp-content\/uploads\/2021\/04\/Eliteline-SF1307CH7.jpg 1920w, https:\/\/elitemobiliario.com\/wp-content\/uploads\/2021\/04\/Eliteline-SF1307CH7-300x169.jpg 300w, https:\/\/elitemobiliario.com\/wp-content\/uploads\/2021\/04\/Eliteline-SF1307CH7-1024x576.jpg 1024w, https:\/\/elitemobiliario.com\/wp-content\/uploads\/2021\/04\/Eliteline-SF1307CH7-768x432.jpg 768w, https:\/\/elitemobiliario.com\/wp-content\/uploads\/2021\/04\/Eliteline-SF1307CH7-1536x864.jpg 1536w, https:\/\/elitemobiliario.com\/wp-content\/uploads\/2021\/04\/Eliteline-SF1307CH7-380x214.jpg 380w, https:\/\/elitemobiliario.com\/wp-content\/uploads\/2021\/04\/Eliteline-SF1307CH7-20x11.jpg 20w, https:\/\/elitemobiliario.com\/wp-content\/uploads\/2021\/04\/Eliteline-SF1307CH7-190x107.jpg 190w, https:\/\/elitemobiliario.com\/wp-content\/uploads\/2021\/04\/Eliteline-SF1307CH7-760x428.jpg 760w, https:\/\/elitemobiliario.com\/wp-content\/uploads\/2021\/04\/Eliteline-SF1307CH7-1140x641.jpg 1140w\" sizes=\"(max-width: 1920px) 100vw, 1920px\" \/><\/a>\n\t\t\t<\/div>\n\t\t\t\t<figcaption class='wp-caption-text gallery-caption' id='gallery-1-2935'>\n\t\t\t\tEliteline SF1307CH7\n\t\t\t\t<\/figcaption><\/figure><figure class='gallery-item'>\n\t\t\t<div class='gallery-icon landscape'>\n\t\t\t\t<a href='https:\/\/elitemobiliario.com\/wp-content\/uploads\/2021\/04\/Eliteline-SF1307CH12.jpg'><img loading=\"lazy\" decoding=\"async\" width=\"1920\" height=\"1080\" src=\"https:\/\/elitemobiliario.com\/wp-content\/uploads\/2021\/04\/Eliteline-SF1307CH12.jpg\" class=\"attachment-full size-full\" alt=\"Eliteline SF1307CH12\" aria-describedby=\"gallery-1-2938\" srcset=\"https:\/\/elitemobiliario.com\/wp-content\/uploads\/2021\/04\/Eliteline-SF1307CH12.jpg 1920w, https:\/\/elitemobiliario.com\/wp-content\/uploads\/2021\/04\/Eliteline-SF1307CH12-300x169.jpg 300w, https:\/\/elitemobiliario.com\/wp-content\/uploads\/2021\/04\/Eliteline-SF1307CH12-1024x576.jpg 1024w, https:\/\/elitemobiliario.com\/wp-content\/uploads\/2021\/04\/Eliteline-SF1307CH12-768x432.jpg 768w, https:\/\/elitemobiliario.com\/wp-content\/uploads\/2021\/04\/Eliteline-SF1307CH12-1536x864.jpg 1536w, https:\/\/elitemobiliario.com\/wp-content\/uploads\/2021\/04\/Eliteline-SF1307CH12-380x214.jpg 380w, https:\/\/elitemobiliario.com\/wp-content\/uploads\/2021\/04\/Eliteline-SF1307CH12-20x11.jpg 20w, https:\/\/elitemobiliario.com\/wp-content\/uploads\/2021\/04\/Eliteline-SF1307CH12-190x107.jpg 190w, https:\/\/elitemobiliario.com\/wp-content\/uploads\/2021\/04\/Eliteline-SF1307CH12-760x428.jpg 760w, https:\/\/elitemobiliario.com\/wp-content\/uploads\/2021\/04\/Eliteline-SF1307CH12-1140x641.jpg 1140w\" sizes=\"(max-width: 1920px) 100vw, 1920px\" \/><\/a>\n\t\t\t<\/div>\n\t\t\t\t<figcaption class='wp-caption-text gallery-caption' id='gallery-1-2938'>\n\t\t\t\tEliteline SF1307CH12\n\t\t\t\t<\/figcaption><\/figure><figure class='gallery-item'>\n\t\t\t<div class='gallery-icon landscape'>\n\t\t\t\t<a href='https:\/\/elitemobiliario.com\/wp-content\/uploads\/2021\/04\/Eliteline-SF1307EN10.jpg'><img loading=\"lazy\" decoding=\"async\" width=\"1920\" height=\"1080\" src=\"https:\/\/elitemobiliario.com\/wp-content\/uploads\/2021\/04\/Eliteline-SF1307EN10.jpg\" class=\"attachment-full size-full\" alt=\"Eliteline SF1307EN10\" aria-describedby=\"gallery-1-2941\" srcset=\"https:\/\/elitemobiliario.com\/wp-content\/uploads\/2021\/04\/Eliteline-SF1307EN10.jpg 1920w, https:\/\/elitemobiliario.com\/wp-content\/uploads\/2021\/04\/Eliteline-SF1307EN10-300x169.jpg 300w, https:\/\/elitemobiliario.com\/wp-content\/uploads\/2021\/04\/Eliteline-SF1307EN10-1024x576.jpg 1024w, https:\/\/elitemobiliario.com\/wp-content\/uploads\/2021\/04\/Eliteline-SF1307EN10-768x432.jpg 768w, https:\/\/elitemobiliario.com\/wp-content\/uploads\/2021\/04\/Eliteline-SF1307EN10-1536x864.jpg 1536w, https:\/\/elitemobiliario.com\/wp-content\/uploads\/2021\/04\/Eliteline-SF1307EN10-380x214.jpg 380w, https:\/\/elitemobiliario.com\/wp-content\/uploads\/2021\/04\/Eliteline-SF1307EN10-20x11.jpg 20w, https:\/\/elitemobiliario.com\/wp-content\/uploads\/2021\/04\/Eliteline-SF1307EN10-190x107.jpg 190w, https:\/\/elitemobiliario.com\/wp-content\/uploads\/2021\/04\/Eliteline-SF1307EN10-760x428.jpg 760w, https:\/\/elitemobiliario.com\/wp-content\/uploads\/2021\/04\/Eliteline-SF1307EN10-1140x641.jpg 1140w\" sizes=\"(max-width: 1920px) 100vw, 1920px\" \/><\/a>\n\t\t\t<\/div>\n\t\t\t\t<figcaption class='wp-caption-text gallery-caption' id='gallery-1-2941'>\n\t\t\t\tEliteline SF1307EN10\n\t\t\t\t<\/figcaption><\/figure><figure class='gallery-item'>\n\t\t\t<div class='gallery-icon landscape'>\n\t\t\t\t<a href='https:\/\/elitemobiliario.com\/wp-content\/uploads\/2021\/04\/Eliteline-SF1307EN11.jpg'><img loading=\"lazy\" decoding=\"async\" width=\"1920\" height=\"1080\" src=\"https:\/\/elitemobiliario.com\/wp-content\/uploads\/2021\/04\/Eliteline-SF1307EN11.jpg\" class=\"attachment-full size-full\" alt=\"Eliteline SF1307EN11\" aria-describedby=\"gallery-1-2944\" srcset=\"https:\/\/elitemobiliario.com\/wp-content\/uploads\/2021\/04\/Eliteline-SF1307EN11.jpg 1920w, https:\/\/elitemobiliario.com\/wp-content\/uploads\/2021\/04\/Eliteline-SF1307EN11-300x169.jpg 300w, https:\/\/elitemobiliario.com\/wp-content\/uploads\/2021\/04\/Eliteline-SF1307EN11-1024x576.jpg 1024w, https:\/\/elitemobiliario.com\/wp-content\/uploads\/2021\/04\/Eliteline-SF1307EN11-768x432.jpg 768w, https:\/\/elitemobiliario.com\/wp-content\/uploads\/2021\/04\/Eliteline-SF1307EN11-1536x864.jpg 1536w, https:\/\/elitemobiliario.com\/wp-content\/uploads\/2021\/04\/Eliteline-SF1307EN11-380x214.jpg 380w, https:\/\/elitemobiliario.com\/wp-content\/uploads\/2021\/04\/Eliteline-SF1307EN11-20x11.jpg 20w, https:\/\/elitemobiliario.com\/wp-content\/uploads\/2021\/04\/Eliteline-SF1307EN11-190x107.jpg 190w, https:\/\/elitemobiliario.com\/wp-content\/uploads\/2021\/04\/Eliteline-SF1307EN11-760x428.jpg 760w, https:\/\/elitemobiliario.com\/wp-content\/uploads\/2021\/04\/Eliteline-SF1307EN11-1140x641.jpg 1140w\" sizes=\"(max-width: 1920px) 100vw, 1920px\" \/><\/a>\n\t\t\t<\/div>\n\t\t\t\t<figcaption class='wp-caption-text gallery-caption' id='gallery-1-2944'>\n\t\t\t\tEliteline SF1307EN11\n\t\t\t\t<\/figcaption><\/figure><figure class='gallery-item'>\n\t\t\t<div class='gallery-icon landscape'>\n\t\t\t\t<a href='https:\/\/elitemobiliario.com\/wp-content\/uploads\/2021\/04\/Eliteline-SF1307KO8.jpg'><img loading=\"lazy\" decoding=\"async\" width=\"1920\" height=\"1080\" src=\"https:\/\/elitemobiliario.com\/wp-content\/uploads\/2021\/04\/Eliteline-SF1307KO8.jpg\" class=\"attachment-full size-full\" alt=\"Eliteline SF1307KO8\" aria-describedby=\"gallery-1-2947\" srcset=\"https:\/\/elitemobiliario.com\/wp-content\/uploads\/2021\/04\/Eliteline-SF1307KO8.jpg 1920w, https:\/\/elitemobiliario.com\/wp-content\/uploads\/2021\/04\/Eliteline-SF1307KO8-300x169.jpg 300w, https:\/\/elitemobiliario.com\/wp-content\/uploads\/2021\/04\/Eliteline-SF1307KO8-1024x576.jpg 1024w, https:\/\/elitemobiliario.com\/wp-content\/uploads\/2021\/04\/Eliteline-SF1307KO8-768x432.jpg 768w, https:\/\/elitemobiliario.com\/wp-content\/uploads\/2021\/04\/Eliteline-SF1307KO8-1536x864.jpg 1536w, https:\/\/elitemobiliario.com\/wp-content\/uploads\/2021\/04\/Eliteline-SF1307KO8-380x214.jpg 380w, https:\/\/elitemobiliario.com\/wp-content\/uploads\/2021\/04\/Eliteline-SF1307KO8-20x11.jpg 20w, https:\/\/elitemobiliario.com\/wp-content\/uploads\/2021\/04\/Eliteline-SF1307KO8-190x107.jpg 190w, https:\/\/elitemobiliario.com\/wp-content\/uploads\/2021\/04\/Eliteline-SF1307KO8-760x428.jpg 760w, https:\/\/elitemobiliario.com\/wp-content\/uploads\/2021\/04\/Eliteline-SF1307KO8-1140x641.jpg 1140w\" sizes=\"(max-width: 1920px) 100vw, 1920px\" \/><\/a>\n\t\t\t<\/div>\n\t\t\t\t<figcaption class='wp-caption-text gallery-caption' id='gallery-1-2947'>\n\t\t\t\tEliteline SF1307KO8\n\t\t\t\t<\/figcaption><\/figure><figure class='gallery-item'>\n\t\t\t<div class='gallery-icon landscape'>\n\t\t\t\t<a href='https:\/\/elitemobiliario.com\/wp-content\/uploads\/2021\/04\/Eliteline-SF1307KO9.jpg'><img loading=\"lazy\" decoding=\"async\" width=\"1920\" height=\"1080\" src=\"https:\/\/elitemobiliario.com\/wp-content\/uploads\/2021\/04\/Eliteline-SF1307KO9.jpg\" class=\"attachment-full size-full\" alt=\"Eliteline SF1307KO9\" aria-describedby=\"gallery-1-2950\" srcset=\"https:\/\/elitemobiliario.com\/wp-content\/uploads\/2021\/04\/Eliteline-SF1307KO9.jpg 1920w, https:\/\/elitemobiliario.com\/wp-content\/uploads\/2021\/04\/Eliteline-SF1307KO9-300x169.jpg 300w, https:\/\/elitemobiliario.com\/wp-content\/uploads\/2021\/04\/Eliteline-SF1307KO9-1024x576.jpg 1024w, https:\/\/elitemobiliario.com\/wp-content\/uploads\/2021\/04\/Eliteline-SF1307KO9-768x432.jpg 768w, https:\/\/elitemobiliario.com\/wp-content\/uploads\/2021\/04\/Eliteline-SF1307KO9-1536x864.jpg 1536w, https:\/\/elitemobiliario.com\/wp-content\/uploads\/2021\/04\/Eliteline-SF1307KO9-380x214.jpg 380w, https:\/\/elitemobiliario.com\/wp-content\/uploads\/2021\/04\/Eliteline-SF1307KO9-20x11.jpg 20w, https:\/\/elitemobiliario.com\/wp-content\/uploads\/2021\/04\/Eliteline-SF1307KO9-190x107.jpg 190w, https:\/\/elitemobiliario.com\/wp-content\/uploads\/2021\/04\/Eliteline-SF1307KO9-760x428.jpg 760w, https:\/\/elitemobiliario.com\/wp-content\/uploads\/2021\/04\/Eliteline-SF1307KO9-1140x641.jpg 1140w\" sizes=\"(max-width: 1920px) 100vw, 1920px\" \/><\/a>\n\t\t\t<\/div>\n\t\t\t\t<figcaption class='wp-caption-text gallery-caption' id='gallery-1-2950'>\n\t\t\t\tEliteline SF1307KO9\n\t\t\t\t<\/figcaption><\/figure><figure class='gallery-item'>\n\t\t\t<div class='gallery-icon landscape'>\n\t\t\t\t<a href='https:\/\/elitemobiliario.com\/wp-content\/uploads\/2021\/04\/Eliteline-SF1307NA13.jpg'><img loading=\"lazy\" decoding=\"async\" width=\"1920\" height=\"1080\" src=\"https:\/\/elitemobiliario.com\/wp-content\/uploads\/2021\/04\/Eliteline-SF1307NA13.jpg\" class=\"attachment-full size-full\" alt=\"Eliteline SF1307NA13\" aria-describedby=\"gallery-1-2953\" srcset=\"https:\/\/elitemobiliario.com\/wp-content\/uploads\/2021\/04\/Eliteline-SF1307NA13.jpg 1920w, https:\/\/elitemobiliario.com\/wp-content\/uploads\/2021\/04\/Eliteline-SF1307NA13-300x169.jpg 300w, https:\/\/elitemobiliario.com\/wp-content\/uploads\/2021\/04\/Eliteline-SF1307NA13-1024x576.jpg 1024w, https:\/\/elitemobiliario.com\/wp-content\/uploads\/2021\/04\/Eliteline-SF1307NA13-768x432.jpg 768w, https:\/\/elitemobiliario.com\/wp-content\/uploads\/2021\/04\/Eliteline-SF1307NA13-1536x864.jpg 1536w, https:\/\/elitemobiliario.com\/wp-content\/uploads\/2021\/04\/Eliteline-SF1307NA13-380x214.jpg 380w, https:\/\/elitemobiliario.com\/wp-content\/uploads\/2021\/04\/Eliteline-SF1307NA13-20x11.jpg 20w, https:\/\/elitemobiliario.com\/wp-content\/uploads\/2021\/04\/Eliteline-SF1307NA13-190x107.jpg 190w, https:\/\/elitemobiliario.com\/wp-content\/uploads\/2021\/04\/Eliteline-SF1307NA13-760x428.jpg 760w, https:\/\/elitemobiliario.com\/wp-content\/uploads\/2021\/04\/Eliteline-SF1307NA13-1140x641.jpg 1140w\" sizes=\"(max-width: 1920px) 100vw, 1920px\" \/><\/a>\n\t\t\t<\/div>\n\t\t\t\t<figcaption class='wp-caption-text gallery-caption' id='gallery-1-2953'>\n\t\t\t\tEliteline SF1307NA13\n\t\t\t\t<\/figcaption><\/figure>\n\t\t<\/div>\n\n","protected":false},"excerpt":{"rendered":"Eliteline SF1334NT1 Eliteline SF1334NT2 Eliteline SF1334NT3 Eliteline SF1334NT4 Eliteline SF1334NT5 Eliteline SF1334NT6 Eliteline SF1307CH7 Eliteline SF1307CH12 Eliteline SF1307EN10 Eliteline SF1307EN11 Eliteline SF1307KO8 Eliteline SF1307KO9 Eliteline SF1307NA13","protected":false},"featured_media":771,"comment_status":"closed","ping_status":"closed","template":"","tags":[209,83,213],"yoast_head":"<!-- This site is optimized with the Yoast SEO plugin v22.5 - https:\/\/yoast.com\/wordpress\/plugins\/seo\/ -->\n<title>Sofas - ELITELINE<\/title>\n<meta name=\"robots\" content=\"index, follow, max-snippet:-1, max-image-preview:large, max-video-preview:-1\" \/>\n<link rel=\"canonical\" href=\"https:\/\/elitemobiliario.com\/en\/portfolio\/sofas\/\" \/>\n<meta property=\"og:locale\" content=\"en_US\" \/>\n<meta property=\"og:type\" content=\"article\" \/>\n<meta property=\"og:title\" content=\"Sofas - ELITELINE\" \/>\n<meta property=\"og:url\" content=\"https:\/\/elitemobiliario.com\/en\/portfolio\/sofas\/\" \/>\n<meta property=\"og:site_name\" content=\"ELITELINE\" \/>\n<meta property=\"article:modified_time\" content=\"2024-01-31T09:39:17+00:00\" \/>\n<meta property=\"og:image\" content=\"https:\/\/elitemobiliario.com\/wp-content\/uploads\/2020\/03\/1-9.jpg\" \/>\n\t<meta property=\"og:image:width\" content=\"1920\" \/>\n\t<meta property=\"og:image:height\" content=\"1080\" \/>\n\t<meta property=\"og:image:type\" content=\"image\/jpeg\" \/>\n<meta name=\"twitter:card\" content=\"summary_large_image\" \/>\n<meta name=\"twitter:label1\" content=\"Est. reading time\" \/>\n\t<meta name=\"twitter:data1\" content=\"1 minute\" \/>\n<script type=\"application\/ld+json\" class=\"yoast-schema-graph\">{\"@context\":\"https:\/\/schema.org\",\"@graph\":[{\"@type\":\"WebPage\",\"@id\":\"https:\/\/elitemobiliario.com\/en\/portfolio\/sofas\/\",\"url\":\"https:\/\/elitemobiliario.com\/en\/portfolio\/sofas\/\",\"name\":\"Sofas - ELITELINE\",\"isPartOf\":{\"@id\":\"https:\/\/elitemobiliario.com\/en\/#website\"},\"primaryImageOfPage\":{\"@id\":\"https:\/\/elitemobiliario.com\/en\/portfolio\/sofas\/#primaryimage\"},\"image\":{\"@id\":\"https:\/\/elitemobiliario.com\/en\/portfolio\/sofas\/#primaryimage\"},\"thumbnailUrl\":\"https:\/\/elitemobiliario.com\/wp-content\/uploads\/2020\/03\/1-9.jpg\",\"datePublished\":\"2020-03-06T12:43:50+00:00\",\"dateModified\":\"2024-01-31T09:39:17+00:00\",\"inLanguage\":\"en-US\",\"potentialAction\":[{\"@type\":\"ReadAction\",\"target\":[\"https:\/\/elitemobiliario.com\/en\/portfolio\/sofas\/\"]}]},{\"@type\":\"ImageObject\",\"inLanguage\":\"en-US\",\"@id\":\"https:\/\/elitemobiliario.com\/en\/portfolio\/sofas\/#primaryimage\",\"url\":\"https:\/\/elitemobiliario.com\/wp-content\/uploads\/2020\/03\/1-9.jpg\",\"contentUrl\":\"https:\/\/elitemobiliario.com\/wp-content\/uploads\/2020\/03\/1-9.jpg\",\"width\":1920,\"height\":1080,\"caption\":\"Eliteline mobiliario moderno decora\u00e7\u00e3o interiores modern furniture interior decoration d\u00e9coration int\u00e9rieure de meubles modernes\"},{\"@type\":\"WebSite\",\"@id\":\"https:\/\/elitemobiliario.com\/en\/#website\",\"url\":\"https:\/\/elitemobiliario.com\/en\/\",\"name\":\"ELITELINE\",\"description\":\"A name to save\",\"potentialAction\":[{\"@type\":\"SearchAction\",\"target\":{\"@type\":\"EntryPoint\",\"urlTemplate\":\"https:\/\/elitemobiliario.com\/en\/?s={search_term_string}\"},\"query-input\":\"required name=search_term_string\"}],\"inLanguage\":\"en-US\"}]}<\/script>\n<!-- \/ Yoast SEO plugin. -->","yoast_head_json":{"title":"Sofas - ELITELINE","robots":{"index":"index","follow":"follow","max-snippet":"max-snippet:-1","max-image-preview":"max-image-preview:large","max-video-preview":"max-video-preview:-1"},"canonical":"https:\/\/elitemobiliario.com\/en\/portfolio\/sofas\/","og_locale":"en_US","og_type":"article","og_title":"Sofas - ELITELINE","og_url":"https:\/\/elitemobiliario.com\/en\/portfolio\/sofas\/","og_site_name":"ELITELINE","article_modified_time":"2024-01-31T09:39:17+00:00","og_image":[{"width":1920,"height":1080,"url":"https:\/\/elitemobiliario.com\/wp-content\/uploads\/2020\/03\/1-9.jpg","type":"image\/jpeg"}],"twitter_card":"summary_large_image","twitter_misc":{"Est. reading time":"1 minute"},"schema":{"@context":"https:\/\/schema.org","@graph":[{"@type":"WebPage","@id":"https:\/\/elitemobiliario.com\/en\/portfolio\/sofas\/","url":"https:\/\/elitemobiliario.com\/en\/portfolio\/sofas\/","name":"Sofas - ELITELINE","isPartOf":{"@id":"https:\/\/elitemobiliario.com\/en\/#website"},"primaryImageOfPage":{"@id":"https:\/\/elitemobiliario.com\/en\/portfolio\/sofas\/#primaryimage"},"image":{"@id":"https:\/\/elitemobiliario.com\/en\/portfolio\/sofas\/#primaryimage"},"thumbnailUrl":"https:\/\/elitemobiliario.com\/wp-content\/uploads\/2020\/03\/1-9.jpg","datePublished":"2020-03-06T12:43:50+00:00","dateModified":"2024-01-31T09:39:17+00:00","inLanguage":"en-US","potentialAction":[{"@type":"ReadAction","target":["https:\/\/elitemobiliario.com\/en\/portfolio\/sofas\/"]}]},{"@type":"ImageObject","inLanguage":"en-US","@id":"https:\/\/elitemobiliario.com\/en\/portfolio\/sofas\/#primaryimage","url":"https:\/\/elitemobiliario.com\/wp-content\/uploads\/2020\/03\/1-9.jpg","contentUrl":"https:\/\/elitemobiliario.com\/wp-content\/uploads\/2020\/03\/1-9.jpg","width":1920,"height":1080,"caption":"Eliteline mobiliario moderno decora\u00e7\u00e3o interiores modern furniture interior decoration d\u00e9coration int\u00e9rieure de meubles modernes"},{"@type":"WebSite","@id":"https:\/\/elitemobiliario.com\/en\/#website","url":"https:\/\/elitemobiliario.com\/en\/","name":"ELITELINE","description":"A name to save","potentialAction":[{"@type":"SearchAction","target":{"@type":"EntryPoint","urlTemplate":"https:\/\/elitemobiliario.com\/en\/?s={search_term_string}"},"query-input":"required name=search_term_string"}],"inLanguage":"en-US"}]}},"_links":{"self":[{"href":"https:\/\/elitemobiliario.com\/en\/wp-json\/wp\/v2\/portfolio\/843"}],"collection":[{"href":"https:\/\/elitemobiliario.com\/en\/wp-json\/wp\/v2\/portfolio"}],"about":[{"href":"https:\/\/elitemobiliario.com\/en\/wp-json\/wp\/v2\/types\/portfolio"}],"replies":[{"embeddable":true,"href":"https:\/\/elitemobiliario.com\/en\/wp-json\/wp\/v2\/comments?post=843"}],"version-history":[{"count":4,"href":"https:\/\/elitemobiliario.com\/en\/wp-json\/wp\/v2\/portfolio\/843\/revisions"}],"predecessor-version":[{"id":4208,"href":"https:\/\/elitemobiliario.com\/en\/wp-json\/wp\/v2\/portfolio\/843\/revisions\/4208"}],"wp:featuredmedia":[{"embeddable":true,"href":"https:\/\/elitemobiliario.com\/en\/wp-json\/wp\/v2\/media\/771"}],"wp:attachment":[{"href":"https:\/\/elitemobiliario.com\/en\/wp-json\/wp\/v2\/media?parent=843"}],"wp:term":[{"taxonomy":"post_tag","embeddable":true,"href":"https:\/\/elitemobiliario.com\/en\/wp-json\/wp\/v2\/tags?post=843"}],"curies":[{"name":"wp","href":"https:\/\/api.w.org\/{rel}","templated":true}]}}